{"id":87,"date":"2021-01-13T17:38:05","date_gmt":"2021-01-13T16:38:05","guid":{"rendered":"http:\/\/namurenlumiere.be\/?page_id=87"},"modified":"2025-12-10T15:03:38","modified_gmt":"2025-12-10T14:03:38","slug":"home","status":"publish","type":"page","link":"https:\/\/www.namurenlumiere.be\/","title":{"rendered":"Home"},"content":{"rendered":"\n<div class=\"alignnormal\"><div id=\"metaslider-id-62\" style=\"width: 100%;\" class=\"ml-slider-3-108-0 metaslider metaslider-flex metaslider-62 ml-slider ml-slider-lightbox-2-23-0 lightbox-disabled ms-theme-blend nav-hidden\" role=\"region\" aria-label=\"Home Page\" data-height=\"600\" data-width=\"1800\">\n    <div id=\"metaslider_container_62\">\n        <div id=\"metaslider_62\">\n            <ul class='slides'>\n                <li style=\"display: block; width: 100%;\" class=\"slide-1591 ms-image \" aria-roledescription=\"slide\" data-date=\"2023-12-04 11:47:01\" data-filename=\"NamurEnLumiere_Marche-98-1-1800x600.jpg\" data-slide-type=\"image\"><img loading=\"lazy\" decoding=\"async\" src=\"https:\/\/www.namurenlumiere.be\/wp-content\/uploads\/2024\/12\/NamurEnLumiere_Marche-98-1-1800x600.jpg\" height=\"600\" width=\"1800\" alt=\"\" class=\"slider-62 slide-1591 msDefaultImage\" title=\"NamurEnLumiere_March\u00e9-98\" \/><\/li>\n                <li style=\"display: none; width: 100%;\" class=\"slide-632 ms-image \" aria-roledescription=\"slide\" data-date=\"2021-11-25 10:41:37\" data-filename=\"Namur-soir-avant-marche-15-1800x600.jpg\" data-slide-type=\"image\"><img loading=\"lazy\" decoding=\"async\" src=\"https:\/\/www.namurenlumiere.be\/wp-content\/uploads\/2021\/11\/Namur-soir-avant-marche-15-1800x600.jpg\" height=\"600\" width=\"1800\" alt=\"\" class=\"slider-62 slide-632 msDefaultImage\" title=\"Namur soir avant march\u00e9 (15)\" \/><\/li>\n                <li style=\"display: none; width: 100%;\" class=\"slide-1594 ms-image \" aria-roledescription=\"slide\" data-date=\"2023-12-04 11:48:33\" data-filename=\"NamurEnLumiere_Marche-7-1-scaled-1800x600.jpg\" data-slide-type=\"image\"><img loading=\"lazy\" decoding=\"async\" src=\"https:\/\/www.namurenlumiere.be\/wp-content\/uploads\/2024\/12\/NamurEnLumiere_Marche-7-1-scaled-1800x600.jpg\" height=\"600\" width=\"1800\" alt=\"\" class=\"slider-62 slide-1594 msDefaultImage\" title=\"NamurEnLumiere_March\u00e9-7\" \/><\/li>\n                <li style=\"display: none; width: 100%;\" class=\"slide-1596 ms-image \" aria-roledescription=\"slide\" data-date=\"2023-12-04 11:48:33\" data-filename=\"marche-de-noel-2023-sebastien-Roberty-101-1181x393.jpg\" data-slide-type=\"image\"><img loading=\"lazy\" decoding=\"async\" src=\"https:\/\/www.namurenlumiere.be\/wp-content\/uploads\/2023\/12\/marche-de-noel-2023-sebastien-Roberty-101-1181x393.jpg\" height=\"600\" width=\"1800\" alt=\"\" class=\"slider-62 slide-1596 msDefaultImage\" title=\"march\u00e9 de no\u00ebl 2023 - s\u00e9bastien Roberty (101)\" \/><\/li>\n            <\/ul>\n        <\/div>\n        \n    <\/div>\n<\/div><\/div>\n\n\n\n<p class=\"has-text-align-center has-text-color has-background\" style=\"color:#c2942f;background-color:#293d61;font-size:2rem;font-style:normal;font-weight:500;line-height:2\"><strong>&#8211; VENEZ DECOUVRIR LA MAGIE DES F\u00caTES DE FIN D&rsquo;ANN\u00c9E A NAMUR<\/strong> <strong>&#8211;<\/strong><\/p>\n\n\n\n<div class=\"wp-block-columns is-layout-flex wp-container-core-columns-is-layout-28f84493 wp-block-columns-is-layout-flex\">\n<div class=\"wp-block-column is-layout-flow wp-block-column-is-layout-flow\" style=\"flex-basis:10%\"><\/div>\n\n\n\n<div class=\"wp-block-column is-layout-flow wp-block-column-is-layout-flow\" style=\"flex-basis:80%\">\n<div class=\"wp-block-columns is-layout-flex wp-container-core-columns-is-layout-28f84493 wp-block-columns-is-layout-flex\">\n<div class=\"wp-block-column is-layout-flow wp-block-column-is-layout-flow\">\n<p>&nbsp;<\/p>\n\n\n\n<p class=\"has-text-align-center has-medium-font-size\">Une belle invitation \u00e0 la promenade en ville, au shopping et \u00e0 la d\u00e9couverte du patrimoine namurois !<\/p>\n\n\n\n<p class=\"has-text-align-center has-large-font-size\"><strong>Au programme<\/strong> :<\/p>\n\n\n\n<p class=\"has-text-align-center has-medium-font-size\">Des <strong><em>march\u00e9s de No\u00ebl<\/em><\/strong><br><br>&#8211;<\/p>\n\n\n\n<p class=\"has-text-align-center has-medium-font-size\">Des <strong>sculptures de glace<\/strong><br><br>&#8211;<\/p>\n\n\n\n<p class=\"has-text-align-center has-medium-font-size\">Un <strong>March\u00e9 gourmand des commer\u00e7ants<\/strong><\/p>\n\n\n\n<p class=\"has-text-align-center\">&#8211;<\/p>\n\n\n\n<p class=\"has-text-align-center has-medium-font-size\">Une <em><strong>patinoire de glace<\/strong> <br><\/em><br>&#8211;<\/p>\n\n\n\n<p class=\"has-text-align-center has-medium-font-size\">Une<em> <strong>parade de No\u00ebl RTL<\/strong><\/em><\/p>\n\n\n\n<p class=\"has-text-align-center has-medium-font-size\">&#8211;<\/p>\n\n\n\n<p class=\"has-text-align-center has-medium-font-size\">Un <strong><em>feu d\u2019artifice<\/em><\/strong> &#8211; Nouvel An<br>&#8211;<\/p>\n\n\n\n<p class=\"has-text-align-center has-medium-font-size\">Des <em><strong>actions dans vos commerces<\/strong><\/em> pr\u00e9f\u00e9r\u00e9s<br>&#8211;<\/p>\n\n\n\n<p class=\"has-text-align-center has-medium-font-size\">Des <em><strong>animations<\/strong> <\/em>en ville<\/p>\n\n\n\n<p class=\"has-text-align-center\"><a href=\"https:\/\/www.namur.be\/\" target=\"_blank\" rel=\"noreferrer noopener\">Retrouvez aussi la f\u00e9\u00e9rie des f\u00eates autour de Namur, sur tout le territoire communal. Toutes les informations ici<\/a><\/p>\n\n\n\n<p class=\"has-text-align-center has-text-color has-background has-link-color wp-elements-5bf7a777131aa96d477b9d3f91ca8e64\" style=\"color:#c2942f;background-color:#293d61;font-size:23px\"><strong><a href=\"https:\/\/www.namurenlumiere.be\/wp-content\/uploads\/2025\/11\/NEL-V1-4.pdf\" target=\"_blank\" rel=\"noreferrer noopener\">T\u00e9l\u00e9charger le programme complet<\/a><\/strong><\/p>\n<\/div>\n\n\n\n<div class=\"wp-block-column is-layout-flow wp-block-column-is-layout-flow\">\n<div class=\"alignnormal\"><div id=\"metaslider-id-1061\" style=\"width: 100%;\" class=\"ml-slider-3-108-0 metaslider metaslider-flex metaslider-1061 ml-slider has-dots-nav ml-slider-lightbox-2-23-0 lightbox-disabled ms-theme-default\" role=\"region\" aria-label=\"Home_page_bottom\" data-height=\"800\" data-width=\"800\">\n    <div id=\"metaslider_container_1061\">\n        <div id=\"metaslider_1061\">\n            <ul class='slides'>\n                <li style=\"display: block; width: 100%;\" class=\"slide-1617 ms-image \" aria-roledescription=\"slide\" data-date=\"2023-12-04 12:05:04\" data-filename=\"NamurEnLumiere_Marche-4-1-scaled-800x800.jpg\" data-slide-type=\"image\"><img loading=\"lazy\" decoding=\"async\" src=\"https:\/\/www.namurenlumiere.be\/wp-content\/uploads\/2024\/12\/NamurEnLumiere_Marche-4-1-scaled-800x800.jpg\" height=\"800\" width=\"800\" alt=\"\" class=\"slider-1061 slide-1617 msDefaultImage\" title=\"NamurEnLumiere_March\u00e9-4\" \/><\/li>\n                <li style=\"display: none; width: 100%;\" class=\"slide-1618 ms-image \" aria-roledescription=\"slide\" data-date=\"2023-12-04 12:05:04\" data-filename=\"marche-de-noel-2023-sebastien-Roberty-74-800x800.jpg\" data-slide-type=\"image\"><img loading=\"lazy\" decoding=\"async\" src=\"https:\/\/www.namurenlumiere.be\/wp-content\/uploads\/2023\/12\/marche-de-noel-2023-sebastien-Roberty-74-800x800.jpg\" height=\"800\" width=\"800\" alt=\"\" class=\"slider-1061 slide-1618 msDefaultImage\" title=\"march\u00e9 de no\u00ebl 2023 - s\u00e9bastien Roberty (74)\" \/><\/li>\n                <li style=\"display: none; width: 100%;\" class=\"slide-1619 ms-image \" aria-roledescription=\"slide\" data-date=\"2023-12-04 12:05:04\" data-filename=\"NamurEnLumiere_Marche-42-1-800x800.jpg\" data-slide-type=\"image\"><img loading=\"lazy\" decoding=\"async\" src=\"https:\/\/www.namurenlumiere.be\/wp-content\/uploads\/2024\/12\/NamurEnLumiere_Marche-42-1-800x800.jpg\" height=\"800\" width=\"800\" alt=\"\" class=\"slider-1061 slide-1619 msDefaultImage\" title=\"NamurEnLumiere_March\u00e9-42\" \/><\/li>\n                <li style=\"display: none; width: 100%;\" class=\"slide-1620 ms-image \" aria-roledescription=\"slide\" data-date=\"2023-12-04 12:05:05\" data-filename=\"NamurEnLumiere_Marche-82-scaled-800x800.jpg\" data-slide-type=\"image\"><img loading=\"lazy\" decoding=\"async\" src=\"https:\/\/www.namurenlumiere.be\/wp-content\/uploads\/2024\/12\/NamurEnLumiere_Marche-82-scaled-800x800.jpg\" height=\"800\" width=\"800\" alt=\"\" class=\"slider-1061 slide-1620 msDefaultImage\" title=\"NamurEnLumiere_March\u00e9-82\" \/><\/li>\n            <\/ul>\n        <\/div>\n        \n    <\/div>\n<\/div><\/div>\n<\/div>\n<\/div>\n<\/div>\n\n\n\n<div class=\"wp-block-column is-layout-flow wp-block-column-is-layout-flow\" style=\"flex-basis:10%\"><\/div>\n<\/div>\n\n\n\n<p class=\"has-text-align-center\">&nbsp;<\/p>\n\n\n\n<div class=\"wp-block-columns is-layout-flex wp-container-core-columns-is-layout-28f84493 wp-block-columns-is-layout-flex\">\n<div class=\"wp-block-column is-layout-flow wp-block-column-is-layout-flow\" style=\"flex-basis:10%\"><\/div>\n\n\n\n<div class=\"wp-block-column is-layout-flow wp-block-column-is-layout-flow\" style=\"flex-basis:80%\">\n<p class=\"has-text-align-center\">&nbsp;<\/p>\n<\/div>\n\n\n\n<div class=\"wp-block-column is-layout-flow wp-block-column-is-layout-flow\" style=\"flex-basis:10%\"><\/div>\n<\/div>\n\n\n\n<p>&nbsp;<\/p>\n\n\n\n<p><\/p>\n","protected":false},"excerpt":{"rendered":"<p>&#8211; VENEZ DECOUVRIR LA MAGIE DES F\u00caTES DE FIN D&rsquo;ANN\u00c9E A NAMUR &#8211; &nbsp; Une belle invitation \u00e0 la promenade en ville, au shopping et \u00e0 la d\u00e9couverte du patrimoine namurois ! Au programme : Des march\u00e9s de No\u00ebl &#8211; Des sculptures de glace &#8211; Un March\u00e9 gourmand des commer\u00e7ants &#8211; Une patinoire de glace [&hellip;]<\/p>\n","protected":false},"author":2,"featured_media":0,"parent":0,"menu_order":0,"comment_status":"closed","ping_status":"closed","template":"","meta":{"site-sidebar-layout":"default","site-content-layout":"page-builder","ast-site-content-layout":"full-width-container","site-content-style":"unboxed","site-sidebar-style":"unboxed","ast-global-header-display":"","ast-banner-title-visibility":"","ast-main-header-display":"","ast-hfb-above-header-display":"","ast-hfb-below-header-display":"","ast-hfb-mobile-header-display":"","site-post-title":"disabled","ast-breadcrumbs-content":"","ast-featured-img":"","footer-sml-layout":"","ast-disable-related-posts":"","theme-transparent-header-meta":"default","adv-header-id-meta":"","stick-header-meta":"","header-above-stick-meta":"","header-main-stick-meta":"","header-below-stick-meta":"","astra-migrate-meta-layouts":"set","ast-page-background-enabled":"default","ast-page-background-meta":{"desktop":{"background-color":"","background-image":"","background-repeat":"repeat","background-position":"center center","background-size":"auto","background-attachment":"scroll","background-type":"","background-media":"","overlay-type":"","overlay-color":"","overlay-opacity":"","overlay-gradient":""},"tablet":{"background-color":"","background-image":"","background-repeat":"repeat","background-position":"center center","background-size":"auto","background-attachment":"scroll","background-type":"","background-media":"","overlay-type":"","overlay-color":"","overlay-opacity":"","overlay-gradient":""},"mobile":{"background-color":"","background-image":"","background-repeat":"repeat","background-position":"center center","background-size":"auto","background-attachment":"scroll","background-type":"","background-media":"","overlay-type":"","overlay-color":"","overlay-opacity":"","overlay-gradient":""}},"ast-content-background-meta":{"desktop":{"background-color":"var(--ast-global-color-5)","background-image":"","background-repeat":"repeat","background-position":"center center","background-size":"auto","background-attachment":"scroll","background-type":"","background-media":"","overlay-type":"","overlay-color":"","overlay-opacity":"","overlay-gradient":""},"tablet":{"background-color":"var(--ast-global-color-5)","background-image":"","background-repeat":"repeat","background-position":"center center","background-size":"auto","background-attachment":"scroll","background-type":"","background-media":"","overlay-type":"","overlay-color":"","overlay-opacity":"","overlay-gradient":""},"mobile":{"background-color":"var(--ast-global-color-5)","background-image":"","background-repeat":"repeat","background-position":"center center","background-size":"auto","background-attachment":"scroll","background-type":"","background-media":"","overlay-type":"","overlay-color":"","overlay-opacity":"","overlay-gradient":""}},"footnotes":""},"class_list":["post-87","page","type-page","status-publish","hentry"],"_links":{"self":[{"href":"https:\/\/www.namurenlumiere.be\/nel-api-202312\/wp\/v2\/pages\/87","targetHints":{"allow":["GET"]}}],"collection":[{"href":"https:\/\/www.namurenlumiere.be\/nel-api-202312\/wp\/v2\/pages"}],"about":[{"href":"https:\/\/www.namurenlumiere.be\/nel-api-202312\/wp\/v2\/types\/page"}],"author":[{"embeddable":true,"href":"https:\/\/www.namurenlumiere.be\/nel-api-202312\/wp\/v2\/users\/2"}],"replies":[{"embeddable":true,"href":"https:\/\/www.namurenlumiere.be\/nel-api-202312\/wp\/v2\/comments?post=87"}],"version-history":[{"count":135,"href":"https:\/\/www.namurenlumiere.be\/nel-api-202312\/wp\/v2\/pages\/87\/revisions"}],"predecessor-version":[{"id":1879,"href":"https:\/\/www.namurenlumiere.be\/nel-api-202312\/wp\/v2\/pages\/87\/revisions\/1879"}],"wp:attachment":[{"href":"https:\/\/www.namurenlumiere.be\/nel-api-202312\/wp\/v2\/media?parent=87"}],"curies":[{"name":"wp","href":"https:\/\/api.w.org\/{rel}","templated":true}]}}